{"id":871,"date":"2016-01-14T11:43:51","date_gmt":"2016-01-14T10:43:51","guid":{"rendered":"http:\/\/www.maistendencia.com\/wp-content\/uploads\/2015\/12\/nails2.jpg"},"modified":"2016-01-14T11:45:26","modified_gmt":"2016-01-14T10:45:26","slug":"nails2","status":"inherit","type":"attachment","link":"https:\/\/www.maistendencia.com\/blog\/manicura-fiesta\/nails2\/","title":{"rendered":"Negro con iridiscencias"},"author":1,"featured_media":0,"comment_status":"open","ping_status":"closed","template":"","meta":[],"class_list":["post-871","attachment","type-attachment","status-inherit","hentry"],"aioseo_notices":[],"smush":{"stats":{"percent":4.846404468233652,"bytes":7497,"size_before":154692,"size_after":147195,"time":0.31,"api_version":"1.0","lossy":false},"sizes":{"thumbnail":{"percent":8.86,"bytes":838,"size_before":9461,"size_after":8623,"time":0.01},"medium":{"percent":7.09,"bytes":1439,"size_before":20308,"size_after":18869,"time":0.02},"slider-thumbs":{"percent":5.52,"bytes":2802,"size_before":50718,"size_after":47916,"time":0.07},"post-thumbnail":{"percent":5.84,"bytes":2143,"size_before":36726,"size_after":34583,"time":0.08},"zem_rp_thumbnail":{"percent":0,"bytes":0,"size_before":8623,"size_after":8623,"time":0.01},"full":{"percent":0.95,"bytes":275,"size_before":28856,"size_after":28581,"time":0.12}}},"description":{"rendered":"<p class=\"attachment\"><a href='https:\/\/www.maistendencia.com\/blog\/wp-content\/uploads\/2015\/12\/nails2.jpg'><img loading=\"lazy\" decoding=\"async\" width=\"300\" height=\"225\" src=\"https:\/\/www.maistendencia.com\/blog\/wp-content\/uploads\/2015\/12\/nails2-300x225.jpg\" class=\"attachment-medium size-medium\" alt=\"manicura negro iridiscencias\" srcset=\"https:\/\/www.maistendencia.com\/blog\/wp-content\/uploads\/2015\/12\/nails2-300x225.jpg 300w, https:\/\/www.maistendencia.com\/blog\/wp-content\/uploads\/2015\/12\/nails2.jpg 720w\" sizes=\"auto, (max-width: 300px) 100vw, 300px\" \/><\/a><\/p>\n<p>Si no te sientes capaz de prescindir del negro en un d\u00eda de fiesta tampoco tienes por qu\u00e9. Eso s\u00ed, puedes adornarlo con iridiscencias que lo realzar\u00e1n. Con esta propuesta de <a href=\"https:\/\/www.facebook.com\/Leticia-Cela\u00e1-Beauty-Lounge-171989790967\" target=\"_blank\" >Celaa<\/a> \u00bfno sientes que llevas peque\u00f1os fuegos de artificio en tus manos?<\/p>\n"},"caption":{"rendered":"<p>Si no te sientes capaz de prescindir del negro en un d\u00eda de fiesta tampoco tienes por qu\u00e9. Eso s\u00ed, puedes adornarlo con iridiscencias que lo realzar\u00e1n. Con esta propuesta de Celaa \u00bfno sientes que&#8230;<br \/><a href=\"https:\/\/www.maistendencia.com\/blog\/manicura-fiesta\/nails2\/\"> Continuar leyendo&#8230;<\/a><\/p>\n"},"alt_text":"manicura negro iridiscencias","media_type":"image","mime_type":"image\/jpeg","media_details":{"width":720,"height":540,"file":"2015\/12\/nails2.jpg","sizes":{"thumbnail":{"file":"nails2-150x150.jpg","width":150,"height":150,"mime_type":"image\/jpeg","source_url":"https:\/\/www.maistendencia.com\/blog\/wp-content\/uploads\/2015\/12\/nails2-150x150.jpg"},"medium":{"file":"nails2-300x225.jpg","width":300,"height":225,"mime_type":"image\/jpeg","source_url":"https:\/\/www.maistendencia.com\/blog\/wp-content\/uploads\/2015\/12\/nails2-300x225.jpg"},"slider-thumbs":{"file":"nails2-600x400.jpg","width":600,"height":400,"mime_type":"image\/jpeg","source_url":"https:\/\/www.maistendencia.com\/blog\/wp-content\/uploads\/2015\/12\/nails2-600x400.jpg"},"post-thumbnail":{"file":"nails2-604x270.jpg","width":604,"height":270,"mime_type":"image\/jpeg","source_url":"https:\/\/www.maistendencia.com\/blog\/wp-content\/uploads\/2015\/12\/nails2-604x270.jpg"},"zem_rp_thumbnail":{"file":"nails2-150x150.jpg","width":150,"height":150,"mime_type":"image\/jpeg","source_url":"https:\/\/www.maistendencia.com\/blog\/wp-content\/uploads\/2015\/12\/nails2-150x150.jpg"},"full":{"file":"nails2.jpg","width":720,"height":540,"mime_type":"image\/jpeg","source_url":"https:\/\/www.maistendencia.com\/blog\/wp-content\/uploads\/2015\/12\/nails2.jpg"}},"image_meta":{"aperture":0,"credit":"","camera":"","caption":"","created_timestamp":0,"copyright":"","focal_length":0,"iso":0,"shutter_speed":0,"title":"","orientation":0,"keywords":[]}},"post":708,"source_url":"https:\/\/www.maistendencia.com\/blog\/wp-content\/uploads\/2015\/12\/nails2.jpg","_links":{"self":[{"href":"https:\/\/www.maistendencia.com\/blog\/wp-json\/wp\/v2\/media\/871","targetHints":{"allow":["GET"]}}],"collection":[{"href":"https:\/\/www.maistendencia.com\/blog\/wp-json\/wp\/v2\/media"}],"about":[{"href":"https:\/\/www.maistendencia.com\/blog\/wp-json\/wp\/v2\/types\/attachment"}],"author":[{"embeddable":true,"href":"https:\/\/www.maistendencia.com\/blog\/wp-json\/wp\/v2\/users\/1"}],"replies":[{"embeddable":true,"href":"https:\/\/www.maistendencia.com\/blog\/wp-json\/wp\/v2\/comments?post=871"}],"wp:attached-to":[{"embeddable":true,"post_type":"post","id":708,"href":"https:\/\/www.maistendencia.com\/blog\/wp-json\/wp\/v2\/posts\/708"}],"curies":[{"name":"wp","href":"https:\/\/api.w.org\/{rel}","templated":true}]}}